{"id":19510,"date":"2020-12-19T11:24:29","date_gmt":"2020-12-19T10:24:29","guid":{"rendered":"https:\/\/store.balfego.com\/?post_type=product&#038;p=19510"},"modified":"2026-04-01T07:35:46","modified_gmt":"2026-04-01T06:35:46","slug":"conserva-ventresca-tonyina-roja-1-unitat","status":"publish","type":"product","link":"https:\/\/store.balfego.com\/ca\/producto\/conserva-ventresca-tonyina-roja-1-unitat\/","title":{"rendered":"Conserva de ventresca de Tonyina Roja"},"content":{"rendered":"","protected":false},"excerpt":{"rendered":"<p><span data-contrast=\"none\">Ventresca seleccionada \u00b7 Conserva gourmet \u00b7\u00a0Oli\u00a0d\u2019oliva\u00a0verge\u00a0extra\u00a0ecol\u00f2gic<\/span><span data-ccp-props=\"{&quot;134245417&quot;:false,&quot;201341983&quot;:0,&quot;335551550&quot;:6,&quot;335551620&quot;:6,&quot;335559739&quot;:0,&quot;335559740&quot;:360}\">\u00a0<\/span><\/p>\n<p><span data-contrast=\"none\">La\u202f<\/span><b><span data-contrast=\"none\">ventresca de\u00a0tonyina\u00a0roja\u00a0Balfeg\u00f3<\/span><\/b><span data-contrast=\"none\">\u202f\u00e9s\u00a0una de les\u00a0parts\u00a0m\u00e9s\u00a0apreciades del\u00a0peix,\u00a0reconeguda\u00a0per la\u00a0seva\u202fmelositat, textura delicada i sabor\u00a0intens. En\u00a0aquesta\u00a0conserva gourmet\u00a0seleccionem\u00a0aquesta\u00a0pe\u00e7a\u00a0excepcional per\u00a0oferir\u00a0una\u00a0experi\u00e8ncia\u00a0gastron\u00f2mica\u00a0\u00fanica.<\/span><span data-ccp-props=\"{&quot;134245417&quot;:false,&quot;201341983&quot;:0,&quot;335551550&quot;:6,&quot;335551620&quot;:6,&quot;335559739&quot;:0,&quot;335559740&quot;:360}\">\u00a0<\/span><\/p>\n<p><span data-contrast=\"none\">Elaborada amb\u202fventresca de tonyina roja,\u202foli d\u2019oliva verge extra ecol\u00f2gic\u202fi\u202fsal d\u2019A\u00f1ana, procedent del Valle Salado, una de les salines m\u00e9s antigues del m\u00f3n amb m\u00e9s de 6.500 anys d\u2019hist\u00f2ria.<\/span><span data-ccp-props=\"{&quot;134245417&quot;:false,&quot;201341983&quot;:0,&quot;335551550&quot;:6,&quot;335551620&quot;:6,&quot;335559739&quot;:0,&quot;335559740&quot;:360}\">\u00a0<\/span><\/p>\n<p><span data-contrast=\"none\">Les tonyines salvatges Balfeg\u00f3 s\u00f3n capturades al Mediterrani i alimentades amb peix blau fins arribar al seu\u202fpunt \u00f2ptim de greix, obtenint una carn d\u2019alt valor gastron\u00f2mic present en molts dels millors restaurants del m\u00f3n. La tonyina roja Balfeg\u00f3 est\u00e0\u202fcertificada per AENOR\u202fen sostenibilitat mediambiental, autenticitat i tra\u00e7abilitat, garantint un producte de m\u00e0xima qualitat.<\/span><span data-ccp-props=\"{&quot;134245417&quot;:false,&quot;201341983&quot;:0,&quot;335551550&quot;:6,&quot;335551620&quot;:6,&quot;335559739&quot;:0,&quot;335559740&quot;:360}\">\u00a0<\/span><\/p>\n","protected":false},"featured_media":32745,"comment_status":"open","ping_status":"closed","template":"","meta":{"_acf_changed":false},"product_brand":[],"product_cat":[181,104],"product_tag":[],"class_list":{"0":"post-19510","1":"product","2":"type-product","3":"status-publish","4":"has-post-thumbnail","6":"product_cat-balfego-edition","7":"product_cat-conserva-ca","9":"first","10":"instock","11":"taxable","12":"shipping-taxable","13":"purchasable","14":"product-type-simple"},"acf":[],"_links":{"self":[{"href":"https:\/\/store.balfego.com\/ca\/wp-json\/wp\/v2\/product\/19510","targetHints":{"allow":["GET"]}}],"collection":[{"href":"https:\/\/store.balfego.com\/ca\/wp-json\/wp\/v2\/product"}],"about":[{"href":"https:\/\/store.balfego.com\/ca\/wp-json\/wp\/v2\/types\/product"}],"replies":[{"embeddable":true,"href":"https:\/\/store.balfego.com\/ca\/wp-json\/wp\/v2\/comments?post=19510"}],"wp:featuredmedia":[{"embeddable":true,"href":"https:\/\/store.balfego.com\/ca\/wp-json\/wp\/v2\/media\/32745"}],"wp:attachment":[{"href":"https:\/\/store.balfego.com\/ca\/wp-json\/wp\/v2\/media?parent=19510"}],"wp:term":[{"taxonomy":"product_brand","embeddable":true,"href":"https:\/\/store.balfego.com\/ca\/wp-json\/wp\/v2\/product_brand?post=19510"},{"taxonomy":"product_cat","embeddable":true,"href":"https:\/\/store.balfego.com\/ca\/wp-json\/wp\/v2\/product_cat?post=19510"},{"taxonomy":"product_tag","embeddable":true,"href":"https:\/\/store.balfego.com\/ca\/wp-json\/wp\/v2\/product_tag?post=19510"}],"curies":[{"name":"wp","href":"https:\/\/api.w.org\/{rel}","templated":true}]}}